{"id":9975,"date":"2025-10-14T07:51:03","date_gmt":"2025-10-14T06:51:03","guid":{"rendered":"https:\/\/tracefy.com\/?page_id=9975"},"modified":"2025-10-14T07:52:30","modified_gmt":"2025-10-14T06:52:30","slug":"en-solo","status":"publish","type":"page","link":"https:\/\/tracefy.com\/fr\/faq\/solo\/","title":{"rendered":"Solo"},"content":{"rendered":"<div data-elementor-type=\"wp-page\" data-elementor-id=\"9975\" class=\"elementor elementor-9975\" data-elementor-post-type=\"page\">\n\t\t\t\t<div class=\"elementor-element elementor-element-6e1a8872 e-con-full e-flex e-con e-parent\" data-id=\"6e1a8872\" data-element_type=\"container\" data-e-type=\"container\" data-settings=\"{&quot;background_background&quot;:&quot;classic&quot;,&quot;jet_parallax_layout_list&quot;:[]}\">\n\t\t<div class=\"elementor-element elementor-element-4d53aeed e-flex e-con-boxed e-con e-child\" data-id=\"4d53aeed\" data-element_type=\"container\" data-e-type=\"container\" data-settings=\"{&quot;background_background&quot;:&quot;classic&quot;,&quot;jet_parallax_layout_list&quot;:[]}\">\n\t\t\t\t\t<div class=\"e-con-inner\">\n\t\t\t\t<div class=\"elementor-element elementor-element-456f389a elementor-widget elementor-widget-heading\" data-id=\"456f389a\" data-element_type=\"widget\" data-e-type=\"widget\" data-widget_type=\"heading.default\">\n\t\t\t\t<div class=\"elementor-widget-container\">\n\t\t\t\t\t<h1 class=\"elementor-heading-title elementor-size-default\">Questions les plus fr\u00e9quemment pos\u00e9es<\/h1>\t\t\t\t<\/div>\n\t\t\t\t<\/div>\n\t\t\t\t<div class=\"elementor-element elementor-element-21838f7f elementor-widget elementor-widget-heading\" data-id=\"21838f7f\" data-element_type=\"widget\" data-e-type=\"widget\" data-widget_type=\"heading.default\">\n\t\t\t\t<div class=\"elementor-widget-container\">\n\t\t\t\t\t<span class=\"elementor-heading-title elementor-size-default\">Vous trouverez ici les r\u00e9ponses \u00e0 vos questions<\/span>\t\t\t\t<\/div>\n\t\t\t\t<\/div>\n\t\t\t\t\t<\/div>\n\t\t\t\t<\/div>\n\t\t\t\t<\/div>\n\t\t<div class=\"elementor-element elementor-element-d3fbd31 e-flex e-con-boxed e-con e-parent\" data-id=\"d3fbd31\" data-element_type=\"container\" data-e-type=\"container\" data-settings=\"{&quot;jet_parallax_layout_list&quot;:[]}\">\n\t\t\t\t\t<div class=\"e-con-inner\">\n\t\t\t\t<div class=\"elementor-element elementor-element-cd616cc elementor-widget elementor-widget-helpie-faq\" data-id=\"cd616cc\" data-element_type=\"widget\" data-e-type=\"widget\" data-widget_type=\"helpie-faq.default\">\n\t\t\t\t<div class=\"elementor-widget-container\">\n\t\t\t\t\t<section id='' \n                class='helpie-faq accordions faq-toggle open-first' \n                data-collection='' \n                data-pagination='0' \n                data-search='0' \n                data-pagination-enabled='0'\n                role='region'\n                aria-label='Section FAQ'\n                aria-live='polite'><p class=\"collection-title\"> <\/p><form class=\"search\" onsubmit=\"return false;\" action=\"\"><div class=\"search__wrapper\"><input type=\"text\" class=\"search__input\" aria-label=\"Recherche\" role=\"searchbox\" placeholder=\"Trouvez votre r\u00e9ponse !\"><span class=\"search__icon\"><svg class=\"svg-icon--search\" role=\"img\" xmlns=\"http:\/\/www.w3.org\/2000\/svg\" viewbox=\"0 0 22 22\">\n                        <g fill=\"none\" stroke=\"#171717\">\n                            <path stroke-linecap=\"square\" stroke-width=\"2\" d=\"M18.5 18.3l-5.4-5.4\"\/>\n                            <circle cx=\"8\" cy=\"8\" r=\"7\" stroke-width=\"2\"\/>\n                        <\/g>\n                    <\/svg><\/span><\/div><div class=\"search__message\"><\/div><input type=\"hidden\" name=\"trp-form-language\" value=\"fr\"\/><\/form><h3 class='accordion__heading accordion__category' id=\"accordion-header-term-13\" data-item=\"hfaq-term-13\" data-id=\"term-13\">SOLO<\/h3><article class=\"accordion\"><div class='helpie-faq-row'><div class='helpie-faq-col helpie-faq-col-12' ><ul><li class=\"accordion__item\"><div class=\"accordion__header\" \n                id=\"accordion-header-post-9235\"\n                role=\"button\"\n                aria-expanded=\"false\"\n                aria-controls=\"accordion-content-post-9235\"\n                data-id=\"post-9235\" \n                data-item=\"hfaq-post-9235\" \n                style=\"background:transparent;\" \n                data-tags=\"\"\n                tabindex=\"0\"><div class=\"accordion__title\">Si mon v\u00e9lo est vol\u00e9 et qu'il est retrouv\u00e9, puis-je encore utiliser le syst\u00e8me de rep\u00e9rage SOLO ?<\/div><\/div><div id=\"accordion-content-post-9235\" \n                class=\"accordion__body\" \n                role=\"region\"\n                aria-labelledby=\"accordion-header-post-9235\"\n                style=\"background:transparent;\">\n<p>Non, en cas de vol, la batterie interne du Tracefy SOLO est compl\u00e8tement \u00e9puis\u00e9e. Apr\u00e8s le vol, un nouveau SOLO doit \u00eatre install\u00e9 dans votre v\u00e9lo, et ces co\u00fbts, ainsi que les autres dommages subis par votre v\u00e9lo, sont souvent rembours\u00e9s par la compagnie d'assurance. Votre abonnement reste inchang\u00e9.<\/p>\n<\/div><\/li><li class=\"accordion__item\"><div class=\"accordion__header\" \n                id=\"accordion-header-post-9250\"\n                role=\"button\"\n                aria-expanded=\"false\"\n                aria-controls=\"accordion-content-post-9250\"\n                data-id=\"post-9250\" \n                data-item=\"hfaq-post-9250\" \n                style=\"background:transparent;\" \n                data-tags=\"\"\n                tabindex=\"0\"><div class=\"accordion__title\">Le Tracefy SOLO est-il approuv\u00e9 par toutes les compagnies d'assurance aux Pays-Bas ?<\/div><\/div><div id=\"accordion-content-post-9250\" \n                class=\"accordion__body\" \n                role=\"region\"\n                aria-labelledby=\"accordion-header-post-9250\"\n                style=\"background:transparent;\">\n<p>Le Tracefy Pro est certifi\u00e9 Kiwa et donc approuv\u00e9 par toutes les compagnies d'assurance aux Pays-Bas.<\/p>\n<\/div><\/li><li class=\"accordion__item\"><div class=\"accordion__header\" \n                id=\"accordion-header-post-9248\"\n                role=\"button\"\n                aria-expanded=\"false\"\n                aria-controls=\"accordion-content-post-9248\"\n                data-id=\"post-9248\" \n                data-item=\"hfaq-post-9248\" \n                style=\"background:transparent;\" \n                data-tags=\"\"\n                tabindex=\"0\"><div class=\"accordion__title\">Le Tracefy SOLO fonctionne-t-il dans toute l'Europe ?<\/div><\/div><div id=\"accordion-content-post-9248\" \n                class=\"accordion__body\" \n                role=\"region\"\n                aria-labelledby=\"accordion-header-post-9248\"\n                style=\"background:transparent;\">\n<p>Non, la SOLO ne fonctionne qu'aux Pays-Bas. En mode normal, SOLO utilise le r\u00e9seau LoRa. Actuellement, ce r\u00e9seau n'est op\u00e9rationnel qu'aux Pays-Bas.<\/p>\n<\/div><\/li><li class=\"accordion__item\"><div class=\"accordion__header\" \n                id=\"accordion-header-post-9246\"\n                role=\"button\"\n                aria-expanded=\"false\"\n                aria-controls=\"accordion-content-post-9246\"\n                data-id=\"post-9246\" \n                data-item=\"hfaq-post-9246\" \n                style=\"background:transparent;\" \n                data-tags=\"\"\n                tabindex=\"0\"><div class=\"accordion__title\">L'emplacement dans l'application SOLO diff\u00e8re de quelques kilom\u00e8tres de l'emplacement r\u00e9el du v\u00e9lo. Comment cela se fait-il ?<\/div><\/div><div id=\"accordion-content-post-9246\" \n                class=\"accordion__body\" \n                role=\"region\"\n                aria-labelledby=\"accordion-header-post-9246\"\n                style=\"background:transparent;\">\n<p>En mode \"normal\", le Tracefy SOLO utilise uniquement le r\u00e9seau LoRa. Ce r\u00e9seau n'est pas une m\u00e9thode pr\u00e9cise pour d\u00e9terminer l'emplacement d'un v\u00e9hicule. Lorsque le v\u00e9lo est vol\u00e9, le consommateur le signale dans l'application. Une fois le vol signal\u00e9, le traceur est mis \u00e0 jour et la puce GPS est activ\u00e9e. Cela nous donne une localisation pr\u00e9cise et nous permet de suivre le v\u00e9lo.<\/p>\n<\/div><\/li><li class=\"accordion__item\"><div class=\"accordion__header\" \n                id=\"accordion-header-post-9244\"\n                role=\"button\"\n                aria-expanded=\"false\"\n                aria-controls=\"accordion-content-post-9244\"\n                data-id=\"post-9244\" \n                data-item=\"hfaq-post-9244\" \n                style=\"background:transparent;\" \n                data-tags=\"\"\n                tabindex=\"0\"><div class=\"accordion__title\">\u00c0 quelle fr\u00e9quence le traceur met-il \u00e0 jour sa position ?<\/div><\/div><div id=\"accordion-content-post-9244\" \n                class=\"accordion__body\" \n                role=\"region\"\n                aria-labelledby=\"accordion-header-post-9244\"\n                style=\"background:transparent;\">\n<p>Le Tracefy SOLO met \u00e0 jour sa position 6 fois par jour. Il s'agit d'une indication de l'endroit o\u00f9 se trouve approximativement le v\u00e9lo. L'\u00e9cart peut \u00eatre de quelques kilom\u00e8tres. Il peut arriver que le traceur Solo saute une mise \u00e0 jour. Ceci est d\u00fb au fait que le r\u00e9seau Lora n'est pas un r\u00e9seau tr\u00e8s constant.<\/p>\n<\/div><\/li><li class=\"accordion__item\"><div class=\"accordion__header\" \n                id=\"accordion-header-post-9241\"\n                role=\"button\"\n                aria-expanded=\"false\"\n                aria-controls=\"accordion-content-post-9241\"\n                data-id=\"post-9241\" \n                data-item=\"hfaq-post-9241\" \n                style=\"background:transparent;\" \n                data-tags=\"\"\n                tabindex=\"0\"><div class=\"accordion__title\">Comment le Tracefy SOLO est-il mont\u00e9 ?<\/div><\/div><div id=\"accordion-content-post-9241\" \n                class=\"accordion__body\" \n                role=\"region\"\n                aria-labelledby=\"accordion-header-post-9241\"\n                style=\"background:transparent;\">\n<p>Le Tracefy SOLO poss\u00e8de sa propre batterie interne et n'est donc PAS connect\u00e9 au syst\u00e8me \u00e9lectrique du v\u00e9hicule. Le traceur est mont\u00e9 hors de la vue directe.<\/p>\n<\/div><\/li><li class=\"accordion__item\"><div class=\"accordion__header\" \n                id=\"accordion-header-post-9239\"\n                role=\"button\"\n                aria-expanded=\"false\"\n                aria-controls=\"accordion-content-post-9239\"\n                data-id=\"post-9239\" \n                data-item=\"hfaq-post-9239\" \n                style=\"background:transparent;\" \n                data-tags=\"\"\n                tabindex=\"0\"><div class=\"accordion__title\">Quelle est l'autonomie de la batterie du Tracefy SOLO ?<\/div><\/div><div id=\"accordion-content-post-9239\" \n                class=\"accordion__body\" \n                role=\"region\"\n                aria-labelledby=\"accordion-header-post-9239\"\n                style=\"background:transparent;\">\n<p>La dur\u00e9e de vie de la batterie du Tracefy SOLO est d'au moins 3 ans. C'est ce que nous devons garantir en vertu du certificat Kiwa. Nous \u00e9tudions actuellement la possibilit\u00e9 de prolonger l'abonnement de 1 ou 2 ans apr\u00e8s 3 ans. Nous y reviendrons plus tard.<\/p>\n<\/div><\/li><li class=\"accordion__item\"><div class=\"accordion__header\" \n                id=\"accordion-header-post-9237\"\n                role=\"button\"\n                aria-expanded=\"false\"\n                aria-controls=\"accordion-content-post-9237\"\n                data-id=\"post-9237\" \n                data-item=\"hfaq-post-9237\" \n                style=\"background:transparent;\" \n                data-tags=\"\"\n                tabindex=\"0\"><div class=\"accordion__title\">Si la batterie du Tracefy SOLO est d\u00e9charg\u00e9e, puis-je la recharger ?<\/div><\/div><div id=\"accordion-content-post-9237\" \n                class=\"accordion__body\" \n                role=\"region\"\n                aria-labelledby=\"accordion-header-post-9237\"\n                style=\"background:transparent;\">\n<p>Non, la batterie ne peut pas \u00eatre charg\u00e9e. Le Tracefy SOLO doit \u00eatre remplac\u00e9.<\/p>\n<\/div><\/li><li class=\"accordion__item\"><div class=\"accordion__header\" \n                id=\"accordion-header-post-9233\"\n                role=\"button\"\n                aria-expanded=\"false\"\n                aria-controls=\"accordion-content-post-9233\"\n                data-id=\"post-9233\" \n                data-item=\"hfaq-post-9233\" \n                style=\"background:transparent;\" \n                data-tags=\"\"\n                tabindex=\"0\"><div class=\"accordion__title\">Quel est le co\u00fbt de l'abonnement \u00e0 Tracefy SOLO ?<\/div><\/div><div id=\"accordion-content-post-9233\" \n                class=\"accordion__body\" \n                role=\"region\"\n                aria-labelledby=\"accordion-header-post-9233\"\n                style=\"background:transparent;\">\n<p>L'abonnement de 3 ans co\u00fbte 209,85 \u20ac et est pay\u00e9 en une fois dans l'application Tracefy SOLO. Le prix annuel est converti \u00e0 69,95 \u20ac.<\/p>\n<\/div><\/li><li class=\"accordion__item\"><div class=\"accordion__header\" \n                id=\"accordion-header-post-9231\"\n                role=\"button\"\n                aria-expanded=\"false\"\n                aria-controls=\"accordion-content-post-9231\"\n                data-id=\"post-9231\" \n                data-item=\"hfaq-post-9231\" \n                style=\"background:transparent;\" \n                data-tags=\"\"\n                tabindex=\"0\"><div class=\"accordion__title\">Je ne connais pas encore mon num\u00e9ro de police. Puis-je proc\u00e9der maintenant ?<\/div><\/div><div id=\"accordion-content-post-9231\" \n                class=\"accordion__body\" \n                role=\"region\"\n                aria-labelledby=\"accordion-header-post-9231\"\n                style=\"background:transparent;\">\n<p>Oui, le champ du num\u00e9ro de police est facultatif. Vous pouvez le remplir plus tard dans l'application.<br><\/p>\n<\/div><\/li><li class=\"accordion__item\"><div class=\"accordion__header\" \n                id=\"accordion-header-post-9229\"\n                role=\"button\"\n                aria-expanded=\"false\"\n                aria-controls=\"accordion-content-post-9229\"\n                data-id=\"post-9229\" \n                data-item=\"hfaq-post-9229\" \n                style=\"background:transparent;\" \n                data-tags=\"\"\n                tabindex=\"0\"><div class=\"accordion__title\">Le Tracefy SOLO convient-il \u00e9galement \u00e0 d'autres v\u00e9hicules ?<\/div><\/div><div id=\"accordion-content-post-9229\" \n                class=\"accordion__body\" \n                role=\"region\"\n                aria-labelledby=\"accordion-header-post-9229\"\n                style=\"background:transparent;\">\n<p>Le Tracefy SOLO convient aux bateaux, aux v\u00e9los \u00e9lectriques, aux v\u00e9los normaux, aux scooters, etc. Le SOLO n'est pas connect\u00e9 \u00e0 l'alimentation \u00e9lectrique du v\u00e9hicule. Le SOLO n'est pas reli\u00e9 \u00e0 l'alimentation \u00e9lectrique du v\u00e9hicule. Tant que le SOLO est mont\u00e9 derri\u00e8re un objet en plastique, il fonctionne. Toutefois, le traceur SOLO ne fonctionne qu'aux Pays-Bas.<\/p>\n<\/div><\/li><li class=\"accordion__item\"><div class=\"accordion__header\" \n                id=\"accordion-header-post-9227\"\n                role=\"button\"\n                aria-expanded=\"false\"\n                aria-controls=\"accordion-content-post-9227\"\n                data-id=\"post-9227\" \n                data-item=\"hfaq-post-9227\" \n                style=\"background:transparent;\" \n                data-tags=\"\"\n                tabindex=\"0\"><div class=\"accordion__title\">Je n'ai pas re\u00e7u d'e-mail d'activation de la part de Tracefy. Comment proc\u00e9der ?<\/div><\/div><div id=\"accordion-content-post-9227\" \n                class=\"accordion__body\" \n                role=\"region\"\n                aria-labelledby=\"accordion-header-post-9227\"\n                style=\"background:transparent;\">\n<p>La premi\u00e8re chose \u00e0 v\u00e9rifier est la bo\u00eete \u00e0 spam. Si le courrier ne s'y trouve pas, contactez le magasin de v\u00e9los. Il peut v\u00e9rifier sur son portail si l'adresse \u00e9lectronique est mal orthographi\u00e9e. Il peut \u00e9galement modifier l'adresse \u00e9lectronique et renvoyer le message.<br><\/p>\n<\/div><\/li><li class=\"accordion__item\"><div class=\"accordion__header\" \n                id=\"accordion-header-post-9225\"\n                role=\"button\"\n                aria-expanded=\"false\"\n                aria-controls=\"accordion-content-post-9225\"\n                data-id=\"post-9225\" \n                data-item=\"hfaq-post-9225\" \n                style=\"background:transparent;\" \n                data-tags=\"\"\n                tabindex=\"0\"><div class=\"accordion__title\">J'ai achet\u00e9 deux traceurs, mais je n'ai re\u00e7u qu'un seul courriel d'activation. Que dois-je faire ?<\/div><\/div><div id=\"accordion-content-post-9225\" \n                class=\"accordion__body\" \n                role=\"region\"\n                aria-labelledby=\"accordion-header-post-9225\"\n                style=\"background:transparent;\">\n<p>Il est exact que vous n'avez re\u00e7u qu'un seul e-mail d'activation. Veuillez cr\u00e9er un compte via le lien et payer le premier abonnement. Vous pouvez ensuite vous connecter \u00e0 l'application Tracefy SOLO. Appuyez ensuite sur \"v\u00e9lo\". Vous pouvez ensuite ajouter le deuxi\u00e8me v\u00e9lo sur cette page.<\/p>\n<\/div><\/li><li class=\"accordion__item\"><div class=\"accordion__header\" \n                id=\"accordion-header-post-9223\"\n                role=\"button\"\n                aria-expanded=\"false\"\n                aria-controls=\"accordion-content-post-9223\"\n                data-id=\"post-9223\" \n                data-item=\"hfaq-post-9223\" \n                style=\"background:transparent;\" \n                data-tags=\"\"\n                tabindex=\"0\"><div class=\"accordion__title\">Comment puis-je mettre fin \u00e0 mon abonnement ?<\/div><\/div><div id=\"accordion-content-post-9223\" \n                class=\"accordion__body\" \n                role=\"region\"\n                aria-labelledby=\"accordion-header-post-9223\"\n                style=\"background:transparent;\">\n<p>Vous recevrez un e-mail une fois que le magasin de v\u00e9los aura enregistr\u00e9 le traceur sur son portail. Dans cet e-mail, vous pouvez compl\u00e9ter le compte et cl\u00f4turer l'abonnement. Vous pouvez ensuite vous connecter \u00e0 l'application Tracefy Solo avec votre adresse e-mail et votre mot de passe. Si vous n'avez pas re\u00e7u de courrier, contactez le magasin de v\u00e9los. Il peut modifier l'adresse de courrier et envoyer \u00e0 nouveau le courrier.<\/p>\n<\/div><\/li><\/ul><\/div><\/div><\/article><\/section>\t\t\t\t<\/div>\n\t\t\t\t<\/div>\n\t\t\t\t\t<\/div>\n\t\t\t\t<\/div>\n\t\t\t\t<\/div>","protected":false},"excerpt":{"rendered":"<p>Meeste gestelde vragen vind hier antwoorden op uw vragen SOLO Als mijn fiets is gestolen en hij is teruggevonden, kan ik dan nog gebruikmaken van de SOLO tracker? Nee, bij diefstal wordt de interne batterij van de Tracefy SOLO compleet op gebruikt. Na diefstal dient er een nieuwe SOLO gemonteerd te worden in uw fiets, [&hellip;]<\/p>\n","protected":false},"author":1,"featured_media":0,"parent":5820,"menu_order":0,"comment_status":"closed","ping_status":"closed","template":"","meta":{"footnotes":""},"class_list":["post-9975","page","type-page","status-publish","hentry"],"yoast_head":"<!-- This site is optimized with the Yoast SEO Premium plugin v27.4 (Yoast SEO v27.4) - https:\/\/yoast.com\/product\/yoast-seo-premium-wordpress\/ -->\n<title>Solo - Tracefy | Keep Your Bike Close<\/title>\n<meta name=\"robots\" content=\"index, follow, max-snippet:-1, max-image-preview:large, max-video-preview:-1\" \/>\n<link rel=\"canonical\" href=\"https:\/\/tracefy.com\/fr\/faq\/en-solo\/\" \/>\n<meta property=\"og:locale\" content=\"fr_FR\" \/>\n<meta property=\"og:type\" content=\"article\" \/>\n<meta property=\"og:title\" content=\"Solo\" \/>\n<meta property=\"og:description\" content=\"Meeste gestelde vragen vind hier antwoorden op uw vragen SOLO Als mijn fiets is gestolen en hij is teruggevonden, kan ik dan nog gebruikmaken van de SOLO tracker? Nee, bij diefstal wordt de interne batterij van de Tracefy SOLO compleet op gebruikt. Na diefstal dient er een nieuwe SOLO gemonteerd te worden in uw fiets, [&hellip;]\" \/>\n<meta property=\"og:url\" content=\"https:\/\/tracefy.com\/fr\/faq\/en-solo\/\" \/>\n<meta property=\"og:site_name\" content=\"Tracefy | Keep Your Bike Close\" \/>\n<meta property=\"article:publisher\" content=\"https:\/\/www.facebook.com\/Tracefy\/\" \/>\n<meta property=\"article:modified_time\" content=\"2025-10-14T06:52:30+00:00\" \/>\n<meta name=\"twitter:card\" content=\"summary_large_image\" \/>\n<meta name=\"twitter:label1\" content=\"Dur\u00e9e de lecture estim\u00e9e\" \/>\n\t<meta name=\"twitter:data1\" content=\"4 minutes\" \/>\n<script type=\"application\/ld+json\" class=\"yoast-schema-graph\">{\"@context\":\"https:\\\/\\\/schema.org\",\"@graph\":[{\"@type\":\"WebPage\",\"@id\":\"https:\\\/\\\/tracefy.com\\\/nl\\\/faq\\\/solo\\\/\",\"url\":\"https:\\\/\\\/tracefy.com\\\/nl\\\/faq\\\/solo\\\/\",\"name\":\"Solo - Tracefy | Keep Your Bike Close\",\"isPartOf\":{\"@id\":\"https:\\\/\\\/tracefy.com\\\/nl\\\/#website\"},\"datePublished\":\"2025-10-14T06:51:03+00:00\",\"dateModified\":\"2025-10-14T06:52:30+00:00\",\"breadcrumb\":{\"@id\":\"https:\\\/\\\/tracefy.com\\\/nl\\\/faq\\\/solo\\\/#breadcrumb\"},\"inLanguage\":\"fr-FR\",\"potentialAction\":[{\"@type\":\"ReadAction\",\"target\":[\"https:\\\/\\\/tracefy.com\\\/nl\\\/faq\\\/solo\\\/\"]}]},{\"@type\":\"BreadcrumbList\",\"@id\":\"https:\\\/\\\/tracefy.com\\\/nl\\\/faq\\\/solo\\\/#breadcrumb\",\"itemListElement\":[{\"@type\":\"ListItem\",\"position\":1,\"name\":\"Home\",\"item\":\"https:\\\/\\\/tracefy.com\\\/\"},{\"@type\":\"ListItem\",\"position\":2,\"name\":\"FAQ\",\"item\":\"https:\\\/\\\/tracefy.com\\\/faq\\\/\"},{\"@type\":\"ListItem\",\"position\":3,\"name\":\"Solo\"}]},{\"@type\":\"WebSite\",\"@id\":\"https:\\\/\\\/tracefy.com\\\/nl\\\/#website\",\"url\":\"https:\\\/\\\/tracefy.com\\\/nl\\\/\",\"name\":\"Tracefy | Keep Your Bike Close\",\"description\":\"\",\"publisher\":{\"@id\":\"https:\\\/\\\/tracefy.com\\\/nl\\\/#organization\"},\"potentialAction\":[{\"@type\":\"SearchAction\",\"target\":{\"@type\":\"EntryPoint\",\"urlTemplate\":\"https:\\\/\\\/tracefy.com\\\/nl\\\/?s={search_term_string}\"},\"query-input\":{\"@type\":\"PropertyValueSpecification\",\"valueRequired\":true,\"valueName\":\"search_term_string\"}}],\"inLanguage\":\"fr-FR\"},{\"@type\":\"Organization\",\"@id\":\"https:\\\/\\\/tracefy.com\\\/nl\\\/#organization\",\"name\":\"Tracefy | Keep Your Bike Close\",\"url\":\"https:\\\/\\\/tracefy.com\\\/nl\\\/\",\"logo\":{\"@type\":\"ImageObject\",\"inLanguage\":\"fr-FR\",\"@id\":\"https:\\\/\\\/tracefy.com\\\/nl\\\/#\\\/schema\\\/logo\\\/image\\\/\",\"url\":\"https:\\\/\\\/tracefy.com\\\/wp-content\\\/uploads\\\/2021\\\/10\\\/Tracefy_logo_payoff-2022.svg\",\"contentUrl\":\"https:\\\/\\\/tracefy.com\\\/wp-content\\\/uploads\\\/2021\\\/10\\\/Tracefy_logo_payoff-2022.svg\",\"width\":517.5,\"height\":285.9,\"caption\":\"Tracefy | Keep Your Bike Close\"},\"image\":{\"@id\":\"https:\\\/\\\/tracefy.com\\\/nl\\\/#\\\/schema\\\/logo\\\/image\\\/\"},\"sameAs\":[\"https:\\\/\\\/www.facebook.com\\\/Tracefy\\\/\",\"https:\\\/\\\/www.instagram.com\\\/tracefy_iot\\\/\",\"https:\\\/\\\/www.youtube.com\\\/@tracefy_iot\",\"https:\\\/\\\/www.linkedin.com\\\/company\\\/tracefy\\\/\"]}]}<\/script>\n<!-- \/ Yoast SEO Premium plugin. -->","yoast_head_json":{"title":"Solo - Tracefy | Garde ton v\u00e9lo pr\u00e8s de toi","robots":{"index":"index","follow":"follow","max-snippet":"max-snippet:-1","max-image-preview":"max-image-preview:large","max-video-preview":"max-video-preview:-1"},"canonical":"https:\/\/tracefy.com\/fr\/faq\/en-solo\/","og_locale":"fr_FR","og_type":"article","og_title":"Solo","og_description":"Meeste gestelde vragen vind hier antwoorden op uw vragen SOLO Als mijn fiets is gestolen en hij is teruggevonden, kan ik dan nog gebruikmaken van de SOLO tracker? Nee, bij diefstal wordt de interne batterij van de Tracefy SOLO compleet op gebruikt. Na diefstal dient er een nieuwe SOLO gemonteerd te worden in uw fiets, [&hellip;]","og_url":"https:\/\/tracefy.com\/fr\/faq\/en-solo\/","og_site_name":"Tracefy | Keep Your Bike Close","article_publisher":"https:\/\/www.facebook.com\/Tracefy\/","article_modified_time":"2025-10-14T06:52:30+00:00","twitter_card":"summary_large_image","twitter_misc":{"Dur\u00e9e de lecture estim\u00e9e":"4 minutes"},"schema":{"@context":"https:\/\/schema.org","@graph":[{"@type":"WebPage","@id":"https:\/\/tracefy.com\/nl\/faq\/solo\/","url":"https:\/\/tracefy.com\/nl\/faq\/solo\/","name":"Solo - Tracefy | Garde ton v\u00e9lo pr\u00e8s de toi","isPartOf":{"@id":"https:\/\/tracefy.com\/nl\/#website"},"datePublished":"2025-10-14T06:51:03+00:00","dateModified":"2025-10-14T06:52:30+00:00","breadcrumb":{"@id":"https:\/\/tracefy.com\/nl\/faq\/solo\/#breadcrumb"},"inLanguage":"fr-FR","potentialAction":[{"@type":"ReadAction","target":["https:\/\/tracefy.com\/nl\/faq\/solo\/"]}]},{"@type":"BreadcrumbList","@id":"https:\/\/tracefy.com\/nl\/faq\/solo\/#breadcrumb","itemListElement":[{"@type":"ListItem","position":1,"name":"Home","item":"https:\/\/tracefy.com\/"},{"@type":"ListItem","position":2,"name":"FAQ","item":"https:\/\/tracefy.com\/faq\/"},{"@type":"ListItem","position":3,"name":"Solo"}]},{"@type":"WebSite","@id":"https:\/\/tracefy.com\/nl\/#website","url":"https:\/\/tracefy.com\/nl\/","name":"Tracefy | Gardez votre v\u00e9lo pr\u00e8s de vous","description":"","publisher":{"@id":"https:\/\/tracefy.com\/nl\/#organization"},"potentialAction":[{"@type":"SearchAction","target":{"@type":"EntryPoint","urlTemplate":"https:\/\/tracefy.com\/nl\/?s={search_term_string}"},"query-input":{"@type":"PropertyValueSpecification","valueRequired":true,"valueName":"search_term_string"}}],"inLanguage":"fr-FR"},{"@type":"Organization","@id":"https:\/\/tracefy.com\/nl\/#organization","name":"Tracefy | Gardez votre v\u00e9lo pr\u00e8s de vous","url":"https:\/\/tracefy.com\/nl\/","logo":{"@type":"ImageObject","inLanguage":"fr-FR","@id":"https:\/\/tracefy.com\/nl\/#\/schema\/logo\/image\/","url":"https:\/\/tracefy.com\/wp-content\/uploads\/2021\/10\/Tracefy_logo_payoff-2022.svg","contentUrl":"https:\/\/tracefy.com\/wp-content\/uploads\/2021\/10\/Tracefy_logo_payoff-2022.svg","width":517.5,"height":285.9,"caption":"Tracefy | Keep Your Bike Close"},"image":{"@id":"https:\/\/tracefy.com\/nl\/#\/schema\/logo\/image\/"},"sameAs":["https:\/\/www.facebook.com\/Tracefy\/","https:\/\/www.instagram.com\/tracefy_iot\/","https:\/\/www.youtube.com\/@tracefy_iot","https:\/\/www.linkedin.com\/company\/tracefy\/"]}]}},"_links":{"self":[{"href":"https:\/\/tracefy.com\/fr\/wp-json\/wp\/v2\/pages\/9975","targetHints":{"allow":["GET"]}}],"collection":[{"href":"https:\/\/tracefy.com\/fr\/wp-json\/wp\/v2\/pages"}],"about":[{"href":"https:\/\/tracefy.com\/fr\/wp-json\/wp\/v2\/types\/page"}],"author":[{"embeddable":true,"href":"https:\/\/tracefy.com\/fr\/wp-json\/wp\/v2\/users\/1"}],"replies":[{"embeddable":true,"href":"https:\/\/tracefy.com\/fr\/wp-json\/wp\/v2\/comments?post=9975"}],"version-history":[{"count":5,"href":"https:\/\/tracefy.com\/fr\/wp-json\/wp\/v2\/pages\/9975\/revisions"}],"predecessor-version":[{"id":9980,"href":"https:\/\/tracefy.com\/fr\/wp-json\/wp\/v2\/pages\/9975\/revisions\/9980"}],"up":[{"embeddable":true,"href":"https:\/\/tracefy.com\/fr\/wp-json\/wp\/v2\/pages\/5820"}],"wp:attachment":[{"href":"https:\/\/tracefy.com\/fr\/wp-json\/wp\/v2\/media?parent=9975"}],"curies":[{"name":"wp","href":"https:\/\/api.w.org\/{rel}","templated":true}]}}